{"id":976,"date":"2026-03-25T10:41:50","date_gmt":"2026-03-24T23:41:50","guid":{"rendered":"https:\/\/hungariancouncilnsw.com.au\/?page_id=976"},"modified":"2026-03-25T10:45:46","modified_gmt":"2026-03-24T23:45:46","slug":"anna-kedves","status":"publish","type":"page","link":"https:\/\/hungariancouncilnsw.com.au\/hu\/about\/anna-kedves\/","title":{"rendered":"Kedves Anna"},"content":{"rendered":"<div class=\"wp-block-uagb-container uagb-block-7dadba1b alignfull uagb-is-root-container\"><div class=\"uagb-container-inner-blocks-wrap\">\n<div class=\"wp-block-columns is-layout-flex wp-container-core-columns-is-layout-f56f613f wp-block-columns-is-layout-flex\">\n<div class=\"wp-block-column is-layout-flow wp-block-column-is-layout-flow\">\n<figure class=\"wp-block-image size-full\"><img data-opt-id=1183403453  fetchpriority=\"high\" data-recalc-dims=\"1\" decoding=\"async\" width=\"376\" height=\"425\" data-attachment-id=\"977\" data-permalink=\"https:\/\/hungariancouncilnsw.com.au\/hu\/about\/anna-kedves\/kedves-anna\/\" data-orig-file=\"https:\/\/mlf8n66tx8z0.i.optimole.com\/w:auto\/h:auto\/q:mauto\/f:best\/https:\/\/i0.wp.com\/hungariancouncilnsw.com.au\/wp-content\/uploads\/2026\/03\/kedves-anna.jpg?fit=376%2C425&amp;ssl=1\" data-orig-size=\"376,425\" data-comments-opened=\"1\" data-image-meta=\"{&quot;aperture&quot;:&quot;0&quot;,&quot;credit&quot;:&quot;&quot;,&quot;camera&quot;:&quot;&quot;,&quot;caption&quot;:&quot;&quot;,&quot;created_timestamp&quot;:&quot;0&quot;,&quot;copyright&quot;:&quot;&quot;,&quot;focal_length&quot;:&quot;0&quot;,&quot;iso&quot;:&quot;0&quot;,&quot;shutter_speed&quot;:&quot;0&quot;,&quot;title&quot;:&quot;&quot;,&quot;orientation&quot;:&quot;0&quot;}\" data-image-title=\"kedves anna\" data-image-description=\"\" data-image-caption=\"\" data-large-file=\"https:\/\/mlf8n66tx8z0.i.optimole.com\/w:auto\/h:auto\/q:mauto\/f:best\/https:\/\/i0.wp.com\/hungariancouncilnsw.com.au\/wp-content\/uploads\/2026\/03\/kedves-anna.jpg?fit=376%2C425&amp;ssl=1\" src=\"https:\/\/mlf8n66tx8z0.i.optimole.com\/w:auto\/h:auto\/q:mauto\/f:best\/https:\/\/i0.wp.com\/hungariancouncilnsw.com.au\/wp-content\/uploads\/2026\/03\/kedves-anna.jpg?resize=376%2C425&#038;ssl=1\" alt=\"\" class=\"wp-image-977\" srcset=\"https:\/\/mlf8n66tx8z0.i.optimole.com\/w:376\/h:425\/q:mauto\/f:best\/https:\/\/hungariancouncilnsw.com.au\/wp-content\/uploads\/2026\/03\/kedves-anna.jpg 376w, https:\/\/mlf8n66tx8z0.i.optimole.com\/w:265\/h:4000\/q:mauto\/f:best\/https:\/\/hungariancouncilnsw.com.au\/wp-content\/uploads\/2026\/03\/kedves-anna.jpg 265w, https:\/\/mlf8n66tx8z0.i.optimole.com\/w:11\/h:4000\/q:mauto\/f:best\/https:\/\/hungariancouncilnsw.com.au\/wp-content\/uploads\/2026\/03\/kedves-anna.jpg 11w\" sizes=\"(max-width: 376px) 100vw, 376px\" \/><\/figure>\n<\/div>\n\n\n\n<div class=\"wp-block-column is-layout-flow wp-block-column-is-layout-flow\">\n<p class=\"has-text-align-justify wp-block-paragraph\">A nevem Kedves Anna. A NSW-i Magyar Sz\u00f6vets\u00e9g kapcsolattart\u00f3jak\u00e9nt (Public Officer) tev\u00e9kenykedem, ahol kulcsszerepet v\u00e1llalok a szervezet m\u0171k\u00f6d\u00e9s\u00e9nek jogszab\u00e1lyi megfelel\u00e9s\u00e9ben az Associations Incorporation Act 2009 (NSW) el\u0151\u00edr\u00e1sai szerint <em>Associations Incorporation Act 2009 (NSW)<\/em>. <\/p>\n\n\n\n<p class=\"has-text-align-justify wp-block-paragraph\">Feladataim k\u00f6z\u00e9 tartozik a pontos nyilv\u00e1ntart\u00e1sok vezet\u00e9se, a t\u00f6rv\u00e9nyi k\u00f6telezetts\u00e9gek fel\u00fcgyelete, valamint a hivatalos jelent\u00e9sek hat\u00e1rid\u0151ben t\u00f6rt\u00e9n\u0151 elk\u00e9sz\u00edt\u00e9se, biztos\u00edtva ezzel a szervezet \u00e1tl\u00e1that\u00f3 \u00e9s szab\u00e1lyszer\u0171 m\u0171k\u00f6d\u00e9s\u00e9t.<\/p>\n\n\n\n<p class=\"has-text-align-justify wp-block-paragraph\">Szakmai h\u00e1tterem a szab\u00e1lyoz\u00e1si politika \u00e9s a jogi gyakorlat ter\u00fclet\u00e9r\u0151l sz\u00e1rmazik, amelyet munk\u00e1m sor\u00e1n prec\u00edzen \u00e9s felel\u0151ss\u00e9gteljesen alkalmazok. Elk\u00f6telezett vagyok az \u00e1tl\u00e1that\u00f3 \u00e9s felel\u0151s m\u0171k\u00f6d\u00e9s mellett, \u00e9s akt\u00edvan hozz\u00e1j\u00e1rulok a Sz\u00f6vets\u00e9g hiteless\u00e9g\u00e9nek, valamint a k\u00f6z\u00f6ss\u00e9g bizalm\u00e1nak er\u0151s\u00edt\u00e9s\u00e9hez.<\/p>\n<\/div>\n<\/div>\n<\/div><\/div>","protected":false},"excerpt":{"rendered":"<p>My name is Anna Kedves. I serve as the Public Officer of the Hungarian Council of NSW, where I play a key role in ensuring the organisation\u2019s compliance with the [&hellip;]<\/p>\n","protected":false},"author":277920884,"featured_media":0,"parent":1,"menu_order":0,"comment_status":"closed","ping_status":"closed","template":"","meta":{"_tec_requires_first_save":true,"_crdt_document":"","_uag_custom_page_level_css":"","_price":"","_stock":"","_tribe_ticket_header":"","_tribe_default_ticket_provider":"","_tribe_ticket_capacity":"0","_ticket_start_date":"","_ticket_end_date":"","_tribe_ticket_show_description":"","_tribe_ticket_show_not_going":false,"_tribe_ticket_use_global_stock":"","_tribe_ticket_global_stock_level":"","_global_stock_mode":"","_global_stock_cap":"","_tribe_rsvp_for_event":"","_tribe_ticket_going_count":"","_tribe_ticket_not_going_count":"","_tribe_tickets_list":"[]","_tribe_ticket_has_attendee_info_fields":false,"_EventAllDay":false,"_EventTimezone":"","_EventStartDate":"","_EventEndDate":"","_EventStartDateUTC":"","_EventEndDateUTC":"","_EventShowMap":false,"_EventShowMapLink":false,"_EventURL":"","_EventCost":"","_EventCostDescription":"","_EventCurrencySymbol":"","_EventCurrencyCode":"","_EventCurrencyPosition":"","_EventDateTimeSeparator":"","_EventTimeRangeSeparator":"","_EventOrganizerID":[],"_EventVenueID":[],"_OrganizerEmail":"","_OrganizerPhone":"","_OrganizerWebsite":"","_VenueAddress":"","_VenueCity":"","_VenueCountry":"","_VenueProvince":"","_VenueState":"","_VenueZip":"","_VenuePhone":"","_VenueURL":"","_VenueStateProvince":"","_VenueLat":"","_VenueLng":"","_VenueShowMap":false,"_VenueShowMapLink":false,"_tribe_blocks_recurrence_rules":"","_tribe_blocks_recurrence_description":"","_tribe_blocks_recurrence_exclusions":"","footnotes":"","_tec_slr_enabled":"","_tec_slr_layout":""},"class_list":["post-976","page","type-page","status-publish","hentry"],"uagb_featured_image_src":{"full":false,"thumbnail":false,"medium":false,"medium_large":false,"large":false,"1536x1536":false,"2048x2048":false,"trp-custom-language-flag":false,"newspack-article-block-landscape-large":false,"newspack-article-block-portrait-large":false,"newspack-article-block-square-large":false,"newspack-article-block-landscape-medium":false,"newspack-article-block-portrait-medium":false,"newspack-article-block-square-medium":false,"newspack-article-block-landscape-intermediate":false,"newspack-article-block-portrait-intermediate":false,"newspack-article-block-square-intermediate":false,"newspack-article-block-landscape-small":false,"newspack-article-block-portrait-small":false,"newspack-article-block-square-small":false,"newspack-article-block-landscape-tiny":false,"newspack-article-block-portrait-tiny":false,"newspack-article-block-square-tiny":false,"newspack-article-block-uncropped":false},"uagb_author_info":{"display_name":"Kriszti","author_link":"https:\/\/hungariancouncilnsw.com.au\/hu\/author\/kriszann\/"},"uagb_comment_info":0,"uagb_excerpt":"My name is Anna Kedves. I serve as the Public Officer of the Hungarian Council of NSW, where I play a key role in ensuring the organisation\u2019s compliance with the [&hellip;]","jetpack_likes_enabled":true,"jetpack_sharing_enabled":true,"jetpack_shortlink":"https:\/\/wp.me\/Ph7xDz-fK","jetpack-related-posts":[{"id":1,"url":"https:\/\/hungariancouncilnsw.com.au\/hu\/about\/","url_meta":{"origin":976,"position":0},"title":"R\u00f3lunk","author":"Hungarian Council of NSW","date":"febru\u00e1r 28, 2026","format":false,"excerpt":"Who we are The Hungarian Council of New South Wales is a community organization dedicated to preserving and promoting Hungarian culture and identity in Australia. Our members represent multiple generations \u2014 from those who arrived after 1956 to young families and Australian-born children of Hungarian heritage. What connects us is\u2026","rel":"","context":"Similar post","block_context":{"text":"Similar post","link":""},"img":{"alt_text":"view of gray building near body of water","src":"https:\/\/mlf8n66tx8z0.i.optimole.com\/w:auto\/h:auto\/q:mauto\/f:best\/https:\/\/i0.wp.com\/hungariancouncilnsw.com.au\/wp-content\/uploads\/2026\/03\/ezudjyy17ea.jpg?resize=350%2C200&ssl=1","width":350,"height":200,"srcset":"https:\/\/mlf8n66tx8z0.i.optimole.com\/w:auto\/h:auto\/q:mauto\/f:best\/https:\/\/i0.wp.com\/hungariancouncilnsw.com.au\/wp-content\/uploads\/2026\/03\/ezudjyy17ea.jpg?resize=350%2C200&ssl=1 1x, https:\/\/mlf8n66tx8z0.i.optimole.com\/w:auto\/h:auto\/q:mauto\/f:best\/https:\/\/i0.wp.com\/hungariancouncilnsw.com.au\/wp-content\/uploads\/2026\/03\/ezudjyy17ea.jpg?resize=525%2C300&ssl=1 1.5x, https:\/\/mlf8n66tx8z0.i.optimole.com\/w:auto\/h:auto\/q:mauto\/f:best\/https:\/\/i0.wp.com\/hungariancouncilnsw.com.au\/wp-content\/uploads\/2026\/03\/ezudjyy17ea.jpg?resize=700%2C400&ssl=1 2x"},"classes":[]},{"id":138,"url":"https:\/\/hungariancouncilnsw.com.au\/hu\/organizations\/hungarian-school-sydney\/","url_meta":{"origin":976,"position":1},"title":"Magyar Iskola Sydney","author":"Kriszti","date":"m\u00e1rcius 3, 2026","format":false,"excerpt":"History of the Organization The Hungarian school has been operating in Sydney since 1975. The institution was originally called Flemington Hungarian School, and since 2019 it has been known as Magyar Iskola Sydney. Since 1978, our school has been a member of the NSW Federation of Community Language Schools, which\u2026","rel":"","context":"Similar post","block_context":{"text":"Similar post","link":""},"img":{"alt_text":"","src":"https:\/\/mlf8n66tx8z0.i.optimole.com\/w:auto\/h:auto\/q:mauto\/f:best\/https:\/\/i0.wp.com\/hungariancouncilnsw.com.au\/wp-content\/uploads\/2026\/03\/suli6.jpg?resize=350%2C200&ssl=1","width":350,"height":200,"srcset":"https:\/\/mlf8n66tx8z0.i.optimole.com\/w:auto\/h:auto\/q:mauto\/f:best\/https:\/\/i0.wp.com\/hungariancouncilnsw.com.au\/wp-content\/uploads\/2026\/03\/suli6.jpg?resize=350%2C200&ssl=1 1x, https:\/\/mlf8n66tx8z0.i.optimole.com\/w:auto\/h:auto\/q:mauto\/f:best\/https:\/\/i0.wp.com\/hungariancouncilnsw.com.au\/wp-content\/uploads\/2026\/03\/suli6.jpg?resize=525%2C300&ssl=1 1.5x, https:\/\/mlf8n66tx8z0.i.optimole.com\/w:auto\/h:auto\/q:mauto\/f:best\/https:\/\/i0.wp.com\/hungariancouncilnsw.com.au\/wp-content\/uploads\/2026\/03\/suli6.jpg?resize=700%2C400&ssl=1 2x, https:\/\/mlf8n66tx8z0.i.optimole.com\/w:auto\/h:auto\/q:mauto\/f:best\/https:\/\/i0.wp.com\/hungariancouncilnsw.com.au\/wp-content\/uploads\/2026\/03\/suli6.jpg?resize=1050%2C600&ssl=1 3x, https:\/\/mlf8n66tx8z0.i.optimole.com\/w:auto\/h:auto\/q:mauto\/f:best\/https:\/\/i0.wp.com\/hungariancouncilnsw.com.au\/wp-content\/uploads\/2026\/03\/suli6.jpg?resize=1400%2C800&ssl=1 4x"},"classes":[]},{"id":568,"url":"https:\/\/hungariancouncilnsw.com.au\/hu\/about\/about-katalin-ilosvay-egyed\/","url_meta":{"origin":976,"position":2},"title":"Ilosvay-Egyed Katalin","author":"Kriszti","date":"m\u00e1rcius 12, 2026","format":false,"excerpt":"My name is Katalin Ilosvay-Egyed. I arrived in Sydney at the end of September 1973 with my husband, Guszt\u00e1v Ilosvay. I became involved in Hungarian community life in Sydney in 1982 through the Hungarian School in Flemington. I took my three-year-old son to kindergarten there every week, and later to\u2026","rel":"","context":"Similar post","block_context":{"text":"Similar post","link":""},"img":{"alt_text":"","src":"https:\/\/mlf8n66tx8z0.i.optimole.com\/w:auto\/h:auto\/q:mauto\/f:best\/https:\/\/i0.wp.com\/hungariancouncilnsw.com.au\/wp-content\/uploads\/2026\/03\/68f8c820-be5c-4c59-be76-61aa5fbe85e7.jpg?resize=350%2C200&ssl=1","width":350,"height":200,"srcset":"https:\/\/mlf8n66tx8z0.i.optimole.com\/w:auto\/h:auto\/q:mauto\/f:best\/https:\/\/i0.wp.com\/hungariancouncilnsw.com.au\/wp-content\/uploads\/2026\/03\/68f8c820-be5c-4c59-be76-61aa5fbe85e7.jpg?resize=350%2C200&ssl=1 1x, https:\/\/mlf8n66tx8z0.i.optimole.com\/w:auto\/h:auto\/q:mauto\/f:best\/https:\/\/i0.wp.com\/hungariancouncilnsw.com.au\/wp-content\/uploads\/2026\/03\/68f8c820-be5c-4c59-be76-61aa5fbe85e7.jpg?resize=525%2C300&ssl=1 1.5x, https:\/\/mlf8n66tx8z0.i.optimole.com\/w:auto\/h:auto\/q:mauto\/f:best\/https:\/\/i0.wp.com\/hungariancouncilnsw.com.au\/wp-content\/uploads\/2026\/03\/68f8c820-be5c-4c59-be76-61aa5fbe85e7.jpg?resize=700%2C400&ssl=1 2x"},"classes":[]},{"id":551,"url":"https:\/\/hungariancouncilnsw.com.au\/hu\/about\/about-aniko-hegyi-pollak\/","url_meta":{"origin":976,"position":3},"title":"Hegyi-Poll\u00e1k Anik\u00f3","author":"Kriszti","date":"m\u00e1rcius 11, 2026","format":false,"excerpt":"My name is Anik\u00f3 Hegyi-Poll\u00e1k. I moved to Australia in 2009 with my husband. In my professional life, I work in the fields of telecommunications, business operations, and customer service. I am the mother of two and an active member of the Hungarian community in Sydney and its programs. My\u2026","rel":"","context":"Similar post","block_context":{"text":"Similar post","link":""},"img":{"alt_text":"","src":"https:\/\/mlf8n66tx8z0.i.optimole.com\/w:auto\/h:auto\/q:mauto\/f:best\/https:\/\/i0.wp.com\/hungariancouncilnsw.com.au\/wp-content\/uploads\/2026\/03\/aniko-1-edited-1.jpeg?resize=350%2C200&ssl=1","width":350,"height":200,"srcset":"https:\/\/mlf8n66tx8z0.i.optimole.com\/w:auto\/h:auto\/q:mauto\/f:best\/https:\/\/i0.wp.com\/hungariancouncilnsw.com.au\/wp-content\/uploads\/2026\/03\/aniko-1-edited-1.jpeg?resize=350%2C200&ssl=1 1x, https:\/\/mlf8n66tx8z0.i.optimole.com\/w:auto\/h:auto\/q:mauto\/f:best\/https:\/\/i0.wp.com\/hungariancouncilnsw.com.au\/wp-content\/uploads\/2026\/03\/aniko-1-edited-1.jpeg?resize=525%2C300&ssl=1 1.5x, https:\/\/mlf8n66tx8z0.i.optimole.com\/w:auto\/h:auto\/q:mauto\/f:best\/https:\/\/i0.wp.com\/hungariancouncilnsw.com.au\/wp-content\/uploads\/2026\/03\/aniko-1-edited-1.jpeg?resize=700%2C400&ssl=1 2x"},"classes":[]},{"id":970,"url":"https:\/\/hungariancouncilnsw.com.au\/hu\/about\/edit-regan\/","url_meta":{"origin":976,"position":4},"title":"Regan Edit","author":"Kriszti","date":"m\u00e1rcius 25, 2026","format":false,"excerpt":"My name is Edit Regan. I arrived in Australia in 2001 as an overseas student studying English, Hospitality Management, Commercial Cookery and completed my Bachelor\u2019s Degree. My Australian husband whom I met in Sydney is a major supporter of our children learning Hungarian and about my Hungarian community, customs and\u2026","rel":"","context":"Similar post","block_context":{"text":"Similar post","link":""},"img":{"alt_text":"","src":"","width":0,"height":0},"classes":[]},{"id":695,"url":"https:\/\/hungariancouncilnsw.com.au\/hu\/about\/gyula-kovacs\/","url_meta":{"origin":976,"position":5},"title":"Kov\u00e1cs Gyula","author":"Kriszti","date":"m\u00e1rcius 18, 2026","format":false,"excerpt":"My name is Gyula Kov\u00e1cs, my family and I left Hungary quickly at the end of 1956 following the revolution, and we arrived in Australia at Easter 1957. A few years later, around 1961, we moved to Sydney and settled in Regents Park. I have been married for over 46\u2026","rel":"","context":"Similar post","block_context":{"text":"Similar post","link":""},"img":{"alt_text":"","src":"https:\/\/mlf8n66tx8z0.i.optimole.com\/w:auto\/h:auto\/q:mauto\/f:best\/https:\/\/i0.wp.com\/hungariancouncilnsw.com.au\/wp-content\/uploads\/2026\/03\/image-11.png?resize=350%2C200&ssl=1","width":350,"height":200},"classes":[]}],"ticketed":false,"_links":{"self":[{"href":"https:\/\/hungariancouncilnsw.com.au\/hu\/wp-json\/wp\/v2\/pages\/976","targetHints":{"allow":["GET"]}}],"collection":[{"href":"https:\/\/hungariancouncilnsw.com.au\/hu\/wp-json\/wp\/v2\/pages"}],"about":[{"href":"https:\/\/hungariancouncilnsw.com.au\/hu\/wp-json\/wp\/v2\/types\/page"}],"author":[{"embeddable":true,"href":"https:\/\/hungariancouncilnsw.com.au\/hu\/wp-json\/wp\/v2\/users\/277920884"}],"replies":[{"embeddable":true,"href":"https:\/\/hungariancouncilnsw.com.au\/hu\/wp-json\/wp\/v2\/comments?post=976"}],"version-history":[{"count":4,"href":"https:\/\/hungariancouncilnsw.com.au\/hu\/wp-json\/wp\/v2\/pages\/976\/revisions"}],"predecessor-version":[{"id":982,"href":"https:\/\/hungariancouncilnsw.com.au\/hu\/wp-json\/wp\/v2\/pages\/976\/revisions\/982"}],"up":[{"embeddable":true,"href":"https:\/\/hungariancouncilnsw.com.au\/hu\/wp-json\/wp\/v2\/pages\/1"}],"wp:attachment":[{"href":"https:\/\/hungariancouncilnsw.com.au\/hu\/wp-json\/wp\/v2\/media?parent=976"}],"curies":[{"name":"wp","href":"https:\/\/api.w.org\/{rel}","templated":true}]}}